{"id":86,"date":"2022-01-23T22:32:43","date_gmt":"2022-01-23T22:32:43","guid":{"rendered":"https:\/\/konyvaruda.hu\/?post_type=product&#038;p=86"},"modified":"2026-04-27T18:22:45","modified_gmt":"2026-04-27T18:22:45","slug":"konyv4","status":"publish","type":"product","link":"https:\/\/konyvaruda.hu\/?product=konyv4","title":{"rendered":"F\u00e9nysugarak"},"content":{"rendered":"<table border=\"0\" width=\"950\" align=\"center\">\n<tbody>\n<tr>\n<td>\n<div align=\"justify\">\n<p><span style=\"font-size: large;\"> <i> Ez a k\u00f6nyv azokat a m\u00e9diumi \u00fczenetek tartalmazza, amelyekb\u0151l \u00e9vek \u00f3ta id\u00e9zek a honlapomon, az &#8220;Aktu\u00e1lis&#8221; c. rovatban. Mivel sokan mondt\u00e1k, \u00edrt\u00e1k, hogy nagyon szeretik ezeket a tan\u00edt\u00e1sokat \u00e9s er\u0151t mer\u00edtenek bel\u0151l\u00fck, ezek most megjelennek k\u00f6nyv form\u00e1j\u00e1ban is &#8211; szint\u00e9n azzal a c\u00e9lallal, hogy szellemi t\u00e1pl\u00e1l\u00e9kot \u00e9s rem\u00e9nyt ny\u00fajtson sokaknak.<\/i><\/span><\/p>\n<p>&#8220;2011-ben, a F\u00f6ld nagy \u00e1talakul\u00e1s\u00e1ra v\u00e1rva egy kis csoport a szellemi vil\u00e1ghoz fordult tan\u00edt\u00e1s\u00e9rt \u00e9s \u00fatmutat\u00e1s\u00e9rt, hogy hogyan k\u00e9sz\u00fclhet fel 2012-re. A m\u00e1sik vil\u00e1g v\u00e1laszolt a k\u00e9r\u00e9sre, \u00e9s egy besz\u00e9l\u0151 m\u00e9diumon kereszt\u00fcl rendszeres \u00fczeneteket k\u00fcld\u00f6tt nekik.<br \/>\nEzek az \u00fczenetek alapvet\u0151en kereszt\u00e9ny lelk\u00fclet\u0171ek, s els\u0151sorban a szellemhez \u00e9s a l\u00e9lekhez sz\u00f3lnak, nem pedig az anyagi vil\u00e1ghoz, ez\u00e9rt a k\u00e9rd\u00e9seket mindig ebb\u0151l a szempontb\u00f3l v\u00e1laszolt\u00e1k meg. Ennek megfelel\u0151en nem \u201ea legfrissebb ezoterikus h\u00edreket\u201d mondt\u00e1k el, hanem az \u00f6r\u00f6k\u00e9lethez vezet\u0151 utat igyekeztek megvil\u00e1g\u00edtani.<br \/>\nEmiatt az Olvas\u00f3 nem \u00faj ismereteket fog tal\u00e1lni ezekben az \u00fczenetekben, hanem \u00fatraval\u00f3t ahhoz, hogy hogyan, milyen lelki-szellemi be\u00e1ll\u00edtotts\u00e1ggal lehet \u00e9lni a mai vil\u00e1gban. M\u00e1sk\u00e9ppen megfogalmazva: az eddigi spiritu\u00e1lis ismereteinket hogyan \u00e9lhetj\u00fck meg ezekben az utols\u00f3 id\u0151kben.<br \/>\nS azt gondolom, ez a legfontosabb. Minden szellemi hagyom\u00e1ny k\u00f6zponti t\u00e9tele: a tan\u00edt\u00e1s megval\u00f3s\u00edt\u00e1sa, teh\u00e1t az elm\u00e9let alkalmaz\u00e1sa a h\u00e9tk\u00f6znapokban. Ezek az \u00fczenetek pontosan err\u0151l sz\u00f3lnak: a m\u00e1r ismert tan\u00edt\u00e1sok \u00e1t\u00fcltet\u00e9s\u00e9r\u0151l a mindennapi \u00e9let\u00fcnkbe. Ez az\u00e9rt is jelent\u0151s, mert a k\u00f6zl\u00e9sek t\u00f6bbsz\u00f6r is hangs\u00falyozz\u00e1k, hogy erre most olyan lehet\u0151s\u00e9geket kaptunk, ami ritk\u00e1n ad\u00f3dik a f\u00f6ldi \u00e9letben.<br \/>\nEzekb\u0151l a tan\u00edt\u00e1sokb\u00f3l, \u00fatmutat\u00e1sokb\u00f3l \u00e1ll ez a k\u00f6nyv, amelynek ugyanaz a c\u00e9lja, mint az egyes k\u00f6zl\u00e9seknek: lelki er\u0151t, szellemi t\u00e1mogat\u00e1st adni a ma ember\u00e9nek, aki abban az id\u0151ben \u00e9l, ahol egyszerre van jelen a F\u00f6ld\u00f6n a menny \u00e9s a pokol. Tudatosnak maradni, szem\u00fcnket az \u00e9gre f\u00fcggeszteni \u2013 ma \u00e9letment\u0151 fontoss\u00e1g\u00fa.<br \/>\nM\u00e9gsem ezt tartom e tan\u00edt\u00e1sok legnagyobb \u00e9rt\u00e9k\u00e9nek, hanem azt a c\u00e9lt, ami mindegyiket \u00e1thatja, s amit egy alkalommal \u00edgy fogalmaztak meg:<br \/>\n\u201eMi \u00f6r\u00fcl\u00fcnk, amikor nyitott sz\u00edvekre tal\u00e1lunk, \u00f6r\u00fcl\u00fcnk, amikor befogad\u00f3 lelkekkel tal\u00e1lkozunk, akiknek tov\u00e1bbadhatjuk Isten \u00fczenet\u00e9t abban a rem\u00e9nyben, hogy k\u00f6zelebb viszi \u0151ket \u0150hozz\u00e1. Ez\u00e9rt j\u00f6v\u00fcnk hozz\u00e1tok is, hogy elhozzuk azt a rem\u00e9nysugarat, ami Istent\u0151l val\u00f3, elhozzuk azt a szeretetet, ami odaf\u00f6nt van, amiben mi \u00e9l\u00fcnk, hogy ti is ugyanabban a szeretetben \u00e9s boldogs\u00e1gban r\u00e9szes\u00fclhessetek, amit Isten eredetileg az embereknek adom\u00e1nyozott.<br \/>\nSzeretn\u00e9nk, ha \u00fajra egy\u00fctt lenn\u00e9nk mindenkivel a szeretetben, szeretn\u00e9nk, ha meg\u00e9rezn\u00e9tek ennek az egys\u00e9gnek a csod\u00e1latos mivolt\u00e1t, ha sz\u00edveteket csordultig t\u00f6lten\u00e9 a szeretet, ami olyan nagy, hogy nem b\u00edrja mag\u00e1ban tartani a szeretetet, \u00e9s tov\u00e1bbadja m\u00e1snak, hogy \u0151 is a v\u00e9gtelen boldogs\u00e1g r\u00e9szes\u00e9v\u00e9 v\u00e1ljon. Ez\u00e9rt folyik a munka itt. Ebben a munk\u00e1ban vesztek ti most r\u00e9szt, erre v\u00e1r vissza titeket a Mennyei Atya v\u00e9gtelen, sz\u00e1motokra ma m\u00e9g elk\u00e9pzelhetetlen szeretet\u00e9vel. \u00c9s ha itt lesztek, akkor \u00fajra \u00e9rezni fogj\u00e1tok azt a v\u00e9gtelen \u00f6r\u00f6met, a t\u00falcsordul\u00f3 boldogs\u00e1got, amelyet minden gyermek\u00e9nek megad, aki Hozz\u00e1 visszat\u00e9r, aki az \u0150 kebl\u00e9ben \u00e9l, akivel egy a szeretetben.&#8221;<br \/>\nEz\u00e9rt j\u00f6v\u00fcnk mindig hozz\u00e1tok, hogy ezt a szeretetet \u00e1tadhassuk nektek. Nem fogok \u00fajat mondani \u2013 a mai kor legfontosabb l\u00e9p\u00e9se, hogy a szeretet vall\u00e1s\u00e1t cselekedeteitekben megteremts\u00e9tek. H\u00e1tunk m\u00f6g\u00f6tt van m\u00e1r az \u00e9rtelem vall\u00e1sa, \u00e9s ti vagytok az \u00faj kor emberei, akinek a szeretet lesz a vall\u00e1sa. Az egyetlen \u00e9s \u00f6r\u00f6k vall\u00e1s. Ebben emelkedjetek fel testv\u00e9reim, hogy egy\u00fctt lehess\u00fcnk a v\u00e9gtelen szeretetben.\u201d<\/p>\n<p>&nbsp;<\/p>\n<div align=\"left\">R\u00e9szlet a k\u00f6nyvb\u0151l:<\/div>\n<p>&nbsp;<\/p>\n<p>&#8220;K\u00e9rdezitek, hogy mi fog t\u00f6rt\u00e9nni a F\u00f6ld\u00f6n? Tal\u00e1lgatj\u00e1tok, hogy mit kell tennetek, hogy megmenek\u00fcljetek a nagy pusztul\u00e1st\u00f3l. A pusztul\u00e1s be fog k\u00f6vetkezni, ahogy az \u00e1rny\u00e9k elv\u00e1lik a f\u00e9nyt\u0151l. De csak azokat \u00e9rinti, akik \u00e1rny\u00e9kban vannak. A f\u00e9ny nem lesz kevesebb az\u00e1ltal, hogy elt\u00e1vozik az \u00e1rny\u00e9k. Aki a f\u00e9nyben van, annak semmif\u00e9le b\u00e1nt\u00f3d\u00e1sa nem lesz. Aki az \u00e1rny\u00e9kban van, azt kapja, amit v\u00e1lasztott. Ez\u00e9rt nem kell futkosnotok m\u00e1sik orsz\u00e1gba, m\u00e1sik helyre, dimenzi\u00f3kapukhoz, szent helyekre \u2013 sehov\u00e1. Ott fogtok tal\u00e1lkozni Istennel, ahol tal\u00e1lkoznotok kell: bel\u00fcl, a lelketek m\u00e9ly\u00e9n, f\u00fcggetlen\u00fcl a k\u00fclvil\u00e1gt\u00f3l. F\u00fcggetlen\u00fcl att\u00f3l, hogy f\u00f6ldrajzilag hol vagytok, hiszen a tal\u00e1lkoz\u00e1s nem ebben a dimenzi\u00f3ban lesz. A tal\u00e1lkoz\u00e1s pillanat\u00e1ban megsz\u0171nik minden k\u00f6r\u00fcl\u00f6ttetek, \u00e9s isteni \u00e9netek tal\u00e1lkozik Teremt\u0151j\u00e9vel. Az egy m\u00e1sik pillanat lesz, egy m\u00e1sik vil\u00e1g \u00e9s egy m\u00e1sik dimenzi\u00f3, ahol b\u00e1rmi is t\u00f6rt\u00e9nik k\u00f6r\u00fcl\u00f6ttetek, nem fogj\u00e1tok \u00e9rz\u00e9kelni, annyira er\u0151s lesz a tal\u00e1lkoz\u00e1s Istennel. Ez\u00e9rt nem kell sz\u00e1m\u00edtgatnotok, hogy mikor hov\u00e1 menjetek, \u00e9s mit vigyetek magatokkal. Lelketeket, megtiszt\u00edtott lelki ruh\u00e1itokat, szereteteteket \u00e9s al\u00e1zatotokat vigy\u00e9tek magatokkal, b\u00e1rhov\u00e1 is mentek. El\u00e9g lesz ezt felmutatni a tal\u00e1lkoz\u00e1s pillanat\u00e1ban. Ha kit\u00e1rj\u00e1tok lelketeket, a szeretet \u00e1t\u00f6lel, \u00e9s mag\u00e1val emel. Nincs helye a f\u00e9lelemnek, mert a szeretet kiszor\u00edtja.<br \/>\nSzeretn\u00e9nk, ha nyugodtak lenn\u00e9tek. Szeretn\u00e9nk, ha a nyugalmat \u00e9s a b\u00e9k\u00e9t tov\u00e1bb\u00edtan\u00e1tok embertestv\u00e9reiteknek. Elm\u00e9j\u00fck kicsit zaklatott, zavart a sokf\u00e9le h\u00edrekt\u0151l, amelyek terjengenek. A sz\u00edvetekkel l\u00e1ssatok, \u00e9s fogj\u00e1tok \u00e9rezni, mikor, mit kell tenni. \u2026 \u0150rizz\u00e9tek meg b\u00e9k\u00e9teket, j\u00f3 kedveteket, szereteteteket, \u00e9s nem lesz semmi akad\u00e1lya a gy\u00f6ny\u00f6r\u0171 tal\u00e1lkoz\u00e1snak.<br \/>\nA F\u00f6ld meg fog remegni. Lehullanak a csillagok az \u00e9gr\u0151l, s\u00f6t\u00e9t lesz, az\u00e9rt, hogy a f\u00e9ny teljes m\u00e9rt\u00e9kben megnyilv\u00e1nulhasson, \u2026 amikor elj\u00f6n a Megv\u00e1lt\u00f3. De ha meg\u00e9rzitek a sz\u00edvetekben, nem fogtok f\u00e9lni, mert biztons\u00e1gban vagytok. Mindez nem fog sok\u00e1ig tartani. Az \u00f6r\u00f6m, a tal\u00e1lkoz\u00e1s \u00f6r\u00f6me \u00e1tj\u00e1rja a sz\u00edveteket, meg fogj\u00e1tok \u00e9rteni, mi t\u00f6rt\u00e9nik, \u00e9s tudni fogj\u00e1tok, mit kell tennetek.<br \/>\nA F\u00f6ldnek meg kell r\u00e1zk\u00f3dnia, hogy ler\u00e1zza v\u00e9gre mag\u00e1r\u00f3l a s\u00falyos s\u00e1rt\u00f6meget, ami eddig uralta. Mikor a Megv\u00e1lt\u00f3 meg\u00e9rkezik, a F\u00f6ld ler\u00e1zza mag\u00e1r\u00f3l az als\u00f3 asztr\u00e1list. \u00c9s \u00edgy a \u0150 majd a megtisztult F\u00f6ldre l\u00e9p le.<br \/>\nAhogy a m\u00faltkor mondtam, a Megv\u00e1lt\u00f3 m\u00e1r letette egyik l\u00e1b\u00e1t a F\u00f6ldre. A m\u00e1sodik er\u0151sebb lesz, \u00e9s az fogja elt\u00e1vol\u00edtani a F\u00f6ldr\u0151l mindazt, ami tiszt\u00e1talan. Sz\u00fcks\u00e9g van erre, hogy a F\u00f6ld \u00fajj\u00e1sz\u00fclessen, hogy az a koszos burok lev\u00e1ljon, \u00e9s megmutatkozz\u00e9k a sz\u00e9p, \u00faj \u00e9let. Ez sz\u00fcks\u00e9ges \u00e9s elker\u00fclhetetlen a felt\u00e1mad\u00e1shoz. Most a s\u00f6t\u00e9t \u00e9jszaka utols\u00f3 napjait \u00e9litek. A s\u00f6t\u00e9t \u00e9jszaka m\u00e9g sokak lelk\u00e9ben k\u00e9ts\u00e9geket, f\u00e9lelmeket \u00e9s aggodalmakat kelt. De ez m\u00e1r a v\u00e9ge. Sz\u00fcks\u00e9g van m\u00e9g arra, hogy m\u00e9g mindig magatokba n\u00e9zzetek, \u00e9s megtal\u00e1lj\u00e1tok a f\u00e9nyt, megtal\u00e1lj\u00e1tok a megold\u00e1sokat r\u00e9gi lelki terheitek leold\u00e1s\u00e1ra. Hiszen a lelketek, isteni \u00e9netek akar most megszabadulni minden neh\u00e9z s\u00falyt\u00f3l, ami leh\u00fazhatn\u00e1. Ez\u00e9rt vannak m\u00e9g nagy munk\u00e1k az utols\u00f3 pillanatokban is. Eg\u00e9szen addig, am\u00edg J\u00e9zus azt mondja: &#8216;El\u00e9g, v\u00e9ge, bez\u00e1rom a kapukat!&#8217;<br \/>\nA j\u00f6v\u0151t most nem l\u00e1thatj\u00e1tok, el van takarva el\u0151letek. Amint tudj\u00e1tok, van olyan pillanat, amikor az \u201eistenek elt\u00e1voznak\u201d. Ezt r\u00e9gen \u00edgy h\u00edvt\u00e1k. Az \u00fajj\u00e1sz\u00fclet\u00e9s el\u0151tti szakaszban az \u00fajj\u00e1sz\u00fcletend\u0151 l\u00e9lek mag\u00e1ra van hagyva. Elhagyj\u00e1k tan\u00edt\u00f3i, elhagyj\u00e1k mesterei, elhagyj\u00e1k szerettei, \u00e9s v\u00e9gtelen\u00fcl egyed\u00fcl \u00e9rzi mag\u00e1t. Ennek kell megt\u00f6rt\u00e9nnie a F\u00f6ld\u00f6n is, hogy az ember bel\u00e1ssa, milyen kicsike val\u00f3j\u00e1ban \u2013 \u00e9s bel\u00e1ssa, hogy egyed\u00fcl csak Teremt\u0151j\u00e9vel tud b\u00e1rmit is tenni a vil\u00e1gban. Hogy bel\u00e1ssa: Isten n\u00e9lk\u00fcl nincs \u00e9let. Az al\u00e1zat \u00e9s meghajl\u00e1s id\u0151szak\u00e1t \u00e9litek. Minden \u00e9letnek fel kell ismernie, hogy Teremt\u0151je n\u00e9lk\u00fcl semmit nem tehet. Az emberi g\u0151gnek meg kell sz\u0171nnie ebben a s\u00f6t\u00e9t \u00e9jszak\u00e1ban. Csak meghajolva l\u00e9phettek be Isten orsz\u00e1g\u00e1ba. Ez\u00e9rt \u00e9rzitek most az ut\u00f3bbi id\u0151szakot m\u00e9g nehezebbnek, mint a kor\u00e1bbit. De a l\u00e9lek fel fogja ismerni e korszak feladat\u00e1t, \u00e9s al\u00e1zatosan meghajol a f\u00e9ny el\u0151tt \u2013 \u00e9s \u00edgy bel\u00e9phet a mennyek birodalm\u00e1ba. Ez\u00e9rt gy\u0171jts\u00e9tek er\u0151t\u00f6ket, mert m\u00e1r nincs messze a megszabadul\u00e1s. Az id\u0151pontot nem l\u00e1thatj\u00e1tok, ne is k\u00e9rdezz\u00e9tek \u2013, ahogy a j\u00f6v\u0151t sem. De ha a sz\u00edvetek tiszta, mindent fogtok tudni, \u00e9s a hajatok sz\u00e1la sem g\u00f6rb\u00fcl meg. Isten v\u00e9gtelen\u00fcl szeret benneteket, minden gyermek\u00e9t. &#8221;<\/p>\n<p>A tan\u00edt\u00e1sokhoz emberi k\u00e9rd\u00e9sek is kapcsol\u00f3dnak, amelyre nagy t\u00fcrelemmel v\u00e1laszoltak a szellemi tan\u00edt\u00f3k.<br \/>\nT\u00f6bbek k\u00f6z\u00f6tt olyan k\u00e9rd\u00e9sekre olvashat v\u00e1laszokat a k\u00f6nyvben, mint<\/p>\n<p>&#8211; Fizikai s\u00edkon hogyan fog v\u00e9gbemenni a sz\u00e9tv\u00e1l\u00e1s?<br \/>\n&#8211; Mi\u00e9rt van ennyi ember most a F\u00f6ld\u00f6n?<br \/>\n&#8211; Hogyan fognak \u00e9lni azok, aki most felemelkednek, \u00e9s azok, akik nem?<br \/>\n&#8211; Megmarad-e az anyag a F\u00f6ld\u00f6n a dimenzi\u00f3v\u00e1lt\u00e1s ut\u00e1n?<br \/>\n&#8211; Mi az oka, hogy a fejlett ipari orsz\u00e1gokban nagyon magas a medd\u0151s\u00e9g ar\u00e1nya?<br \/>\n&#8211; Milyen l\u00e9lek k\u00f6lt\u00f6zik a lombikb\u00e9bibe \u00e9s a kl\u00f3nozott \u00e9l\u0151l\u00e9nyekbe?<br \/>\n&#8211; Mi\u00e9rt sz\u00fcletik ma sok testileg \u00e9s lelkileg probl\u00e9m\u00e1s gyerek?<\/p>\n<p>&#8230; \u00e9s m\u00e9g sok izgalmas t\u00e9m\u00e1ra adott v\u00e1laszt.<\/p>\n<\/div>\n<\/td>\n<\/tr>\n<tr>\n<td height=\"130\">\n<div align=\"right\"><\/div>\n<\/td>\n<\/tr>\n<\/tbody>\n<\/table>\n","protected":false},"excerpt":{"rendered":"<p><img loading=\"lazy\" class=\"alignnone size-medium wp-image-150\" src=\"https:\/\/konyvaruda.hu\/wp-content\/uploads\/2022\/01\/Fenysugarak-300x150.gif\" alt=\"\" width=\"300\" height=\"150\" srcset=\"https:\/\/konyvaruda.hu\/wp-content\/uploads\/2022\/01\/Fenysugarak-300x150.gif 300w, https:\/\/konyvaruda.hu\/wp-content\/uploads\/2022\/01\/Fenysugarak-600x300.gif 600w, https:\/\/konyvaruda.hu\/wp-content\/uploads\/2022\/01\/Fenysugarak-768x384.gif 768w\" sizes=\"(max-width: 300px) 100vw, 300px\" \/><\/p>\n","protected":false},"featured_media":167,"comment_status":"open","ping_status":"closed","template":"","meta":[],"product_cat":[17],"product_tag":[],"_links":{"self":[{"href":"https:\/\/konyvaruda.hu\/index.php?rest_route=\/wp\/v2\/product\/86"}],"collection":[{"href":"https:\/\/konyvaruda.hu\/index.php?rest_route=\/wp\/v2\/product"}],"about":[{"href":"https:\/\/konyvaruda.hu\/index.php?rest_route=\/wp\/v2\/types\/product"}],"replies":[{"embeddable":true,"href":"https:\/\/konyvaruda.hu\/index.php?rest_route=%2Fwp%2Fv2%2Fcomments&post=86"}],"wp:featuredmedia":[{"embeddable":true,"href":"https:\/\/konyvaruda.hu\/index.php?rest_route=\/wp\/v2\/media\/167"}],"wp:attachment":[{"href":"https:\/\/konyvaruda.hu\/index.php?rest_route=%2Fwp%2Fv2%2Fmedia&parent=86"}],"wp:term":[{"taxonomy":"product_cat","embeddable":true,"href":"https:\/\/konyvaruda.hu\/index.php?rest_route=%2Fwp%2Fv2%2Fproduct_cat&post=86"},{"taxonomy":"product_tag","embeddable":true,"href":"https:\/\/konyvaruda.hu\/index.php?rest_route=%2Fwp%2Fv2%2Fproduct_tag&post=86"}],"curies":[{"name":"wp","href":"https:\/\/api.w.org\/{rel}","templated":true}]}}